{"id":169,"date":"2026-03-13T10:27:59","date_gmt":"2026-03-13T13:27:59","guid":{"rendered":"https:\/\/labrocherianaperegrinacion.com\/web\/?page_id=169"},"modified":"2026-03-13T10:27:59","modified_gmt":"2026-03-13T13:27:59","slug":"tienda","status":"publish","type":"page","link":"https:\/\/labrocherianaperegrinacion.com\/web\/tienda\/","title":{"rendered":"Tienda"},"content":{"rendered":"\n<div class=\"broch-shop-wrap\">\n\n\n<div class=\"broch-shop-filters\">\n        <a href=\"?cat=\"\n       class=\"broch-filter-btn is-active\">\n        Todos    <\/a>\n        <a href=\"?cat=ropa\"\n       class=\"broch-filter-btn \">\n        \ud83d\udc55 Ropa    <\/a>\n        <a href=\"?cat=religioso\"\n       class=\"broch-filter-btn \">\n        \u271d\ufe0f Religioso    <\/a>\n        <a href=\"?cat=digital\"\n       class=\"broch-filter-btn \">\n        \ud83d\udcbe Digital    <\/a>\n    <\/div>\n\n<div class=\"broch-products-grid broch-cols-3\">\n        <div class=\"broch-product-card \">\n\n        <a href=\"https:\/\/labrocherianaperegrinacion.com\/web\/tienda\/producto\/?pid=4\"\n           class=\"broch-product-card__image-link\">\n                        <img decoding=\"async\" src=\"https:\/\/labrocherianaperegrinacion.com\/web\/wp-content\/uploads\/2026\/03\/WhatsApp-Image-2026-03-13-at-09.41.42-768x437.jpeg\"\n                 alt=\"Remera oficial La Brocheriana 2026 - \u00danico color\"\n                 class=\"broch-product-card__image\"\n                 loading=\"lazy\">\n            \n                                <\/a>\n\n        <div class=\"broch-product-card__body\">\n            <p class=\"broch-product-card__cat\">Ropa<\/p>\n            <h3 class=\"broch-product-card__title\">\n                <a href=\"https:\/\/labrocherianaperegrinacion.com\/web\/tienda\/producto\/?pid=4\">\n                    Remera oficial La Brocheriana 2026 - \u00danico color                <\/a>\n            <\/h3>\n                        <p class=\"broch-product-card__desc\">Compr\u00e1 la remera oficial de la peregrinaci\u00f3n m\u00e1s grande por el Santo Brochero<\/p>\n            \n            <div class=\"broch-product-card__footer\">\n                <span class=\"broch-product-card__price\">\n                    $29.000                <\/span>\n                                                <a href=\"https:\/\/labrocherianaperegrinacion.com\/web\/tienda\/producto\/?pid=4\"\n                   class=\"broch-btn broch-btn--sm broch-btn--outline\">\n                    Ver opciones \u2192\n                <\/a>\n                                            <\/div>\n        <\/div>\n    <\/div>\n    <\/div>\n<\/div>\n\n","protected":false},"excerpt":{"rendered":"","protected":false},"author":2,"featured_media":0,"parent":0,"menu_order":0,"comment_status":"closed","ping_status":"closed","template":"","meta":{"footnotes":""},"class_list":["post-169","page","type-page","status-publish","hentry"],"_links":{"self":[{"href":"https:\/\/labrocherianaperegrinacion.com\/web\/wp-json\/wp\/v2\/pages\/169","targetHints":{"allow":["GET"]}}],"collection":[{"href":"https:\/\/labrocherianaperegrinacion.com\/web\/wp-json\/wp\/v2\/pages"}],"about":[{"href":"https:\/\/labrocherianaperegrinacion.com\/web\/wp-json\/wp\/v2\/types\/page"}],"author":[{"embeddable":true,"href":"https:\/\/labrocherianaperegrinacion.com\/web\/wp-json\/wp\/v2\/users\/2"}],"replies":[{"embeddable":true,"href":"https:\/\/labrocherianaperegrinacion.com\/web\/wp-json\/wp\/v2\/comments?post=169"}],"version-history":[{"count":1,"href":"https:\/\/labrocherianaperegrinacion.com\/web\/wp-json\/wp\/v2\/pages\/169\/revisions"}],"predecessor-version":[{"id":170,"href":"https:\/\/labrocherianaperegrinacion.com\/web\/wp-json\/wp\/v2\/pages\/169\/revisions\/170"}],"wp:attachment":[{"href":"https:\/\/labrocherianaperegrinacion.com\/web\/wp-json\/wp\/v2\/media?parent=169"}],"curies":[{"name":"wp","href":"https:\/\/api.w.org\/{rel}","templated":true}]}}